{"id":124,"date":"2020-11-30T18:54:23","date_gmt":"2020-11-30T18:54:23","guid":{"rendered":"https:\/\/test.cmafete.ch\/?page_id=124"},"modified":"2021-12-13T18:33:08","modified_gmt":"2021-12-13T17:33:08","slug":"conditions-generales-de-vente","status":"publish","type":"page","link":"https:\/\/www.cmafete.ch\/?page_id=124","title":{"rendered":"Conditions g\u00e9n\u00e9rales de vente"},"content":{"rendered":"\n<p><strong><em>Prix<\/em><\/strong><\/p>\n\n\n\n<p><em>Les prix de ce catalogue sont indiqu\u00e9s en francs suisses, toutes taxes comprises.<\/em><\/p>\n\n\n\n<p><strong><em>Livraison et transport<\/em><\/strong><\/p>\n\n\n\n<p><em>La livraison des articles disponibles est effectu\u00e9e par la poste ou par transporteur priv\u00e9. Les delais de livraison sont les suivants:<\/em><\/p>\n\n\n\n<p>livraison standard:<em> 2 &#8211; 4 jours (hors jours f\u00e9ri\u00e9s et week-en<\/em>d)<\/p>\n\n\n\n<p>livraison express: <em>1 &#8211; 2<\/em> jours (<em>hors jours f\u00e9ri\u00e9s et week-end<\/em>)<\/p>\n\n\n\n<p><em>La vente en ligne des produits pr\u00e9sent\u00e9s sur le site est r\u00e9serv\u00e9e aux acheteurs qui r\u00e9sident en Suisse. La livraison se fait \u00e0 vos propres risques.<\/em><\/p>\n\n\n\n<p><strong><em>Disponibilit\u00e9<\/em><\/strong><\/p>\n\n\n\n<p><em>En cas d\u2019indisponibilit\u00e9 d\u2019un produit, nous vous informerons dans les meilleurs d\u00e9lais.<\/em><\/p>\n\n\n\n<p><strong><em>Modalit\u00e9s de paiement<\/em><\/strong><\/p>\n\n\n\n<p><em>M\u00e9thodes de paiement :<\/em><\/p>\n\n\n\n<ul class=\"wp-block-list\"><li><em>Postfinance<\/em><\/li><li><em>Carte Postfinance<\/em><\/li><li><em>Visa<\/em><\/li><li><em>Mastercard<\/em><\/li><li><em>PayPal<\/em><\/li><li><em>Virement bancaire<\/em><\/li><\/ul>\n\n\n\n<p><em><strong>Droit de r\u00e9tractation<\/strong><\/em>, <strong><em>retour ou \u00e9change de marchandises<\/em><\/strong><\/p>\n\n\n\n<p><em>Les articles doivent \u00eatre renvoy\u00e9s intacts et complets dans leur emballage d&rsquo;origine, dans un d\u00e9lai de 7 jours apr\u00e8s r\u00e9ception de votre colis. Les frais de port li\u00e9s au retour sont \u00e0 votre charge. Dans le cas d&rsquo;une commande \u00e9change, les frais de port de votre nouvelle commande sont \u00e0 vos frais. Pour des raisons d\u2019hygi\u00e8ne, les sucres pour barbe \u00e0 papa et les b\u00e2tons pour barbe \u00e0 papa ne sont ni repris ni \u00e9chang\u00e9s.<\/em><\/p>\n\n\n\n<p><strong><em>Catalogue<\/em><\/strong><\/p>\n\n\n\n<p><em>Les photographies du catalogue sont les plus fid\u00e8les possibles mais ne peuvent assurer une similitude parfaite avec le produit offert. Les photos du catalogue ne sont pas contractuelles.<\/em><\/p>\n\n\n\n<p><em><strong>Protection des donn\u00e9es<\/strong><br>Toutes les donn\u00e9es \u00e0 caract\u00e8re personnel seront consid\u00e9r\u00e9es comme confidentielles. Les informations n\u00e9cessaires \u00e0 la gestion de la commande feront l\u2019objet d\u2019un traitement informatique et peuvent \u00eatre communiqu\u00e9es \u00e0 des entreprises associ\u00e9es dans le cadre de la gestion de la commande.<\/em><\/p>\n\n\n\n<p><em><strong>Changement dans les conditions de vente<\/strong><\/em><\/p>\n\n\n\n<p><em>C ma f\u00eate se r\u00e9serve le droit de modifier ses conditions de vente \u00e0 tout moment. Dans ce cas, les conditions applicables seront celles en vigueur \u00e0 la date de la commande par l&rsquo;acheteur.<\/em><\/p>\n\n\n\n<p><em><strong>Droit applicable et for juridique<\/strong><\/em><\/p>\n\n\n\n<p><em>Le droit applicable est le droit Suisse, et tout litige sera trait\u00e9 par le Tribunal d&rsquo;arrondissement de la Gruy<\/em>\u00e8re.<\/p>\n\n\n\n<p><\/p>\n","protected":false},"excerpt":{"rendered":"<p>Prix Les prix de ce catalogue sont indiqu\u00e9s en francs suisses, toutes taxes comprises. Livraison et transport La livraison des articles disponibles est effectu\u00e9e par la poste ou par transporteur priv\u00e9. Les delais de livraison sont les suivants: livraison standard: 2 &#8211; 4 jours (hors jours f\u00e9ri\u00e9s et week-end) livraison express: 1 &#8211; 2 jours [&hellip;]<\/p>\n","protected":false},"author":2,"featured_media":0,"parent":0,"menu_order":0,"comment_status":"closed","ping_status":"closed","template":"","meta":{"footnotes":""},"class_list":["post-124","page","type-page","status-publish","hentry"],"jetpack_sharing_enabled":true,"amp_enabled":true,"_links":{"self":[{"href":"https:\/\/www.cmafete.ch\/index.php?rest_route=\/wp\/v2\/pages\/124","targetHints":{"allow":["GET"]}}],"collection":[{"href":"https:\/\/www.cmafete.ch\/index.php?rest_route=\/wp\/v2\/pages"}],"about":[{"href":"https:\/\/www.cmafete.ch\/index.php?rest_route=\/wp\/v2\/types\/page"}],"author":[{"embeddable":true,"href":"https:\/\/www.cmafete.ch\/index.php?rest_route=\/wp\/v2\/users\/2"}],"replies":[{"embeddable":true,"href":"https:\/\/www.cmafete.ch\/index.php?rest_route=%2Fwp%2Fv2%2Fcomments&post=124"}],"version-history":[{"count":7,"href":"https:\/\/www.cmafete.ch\/index.php?rest_route=\/wp\/v2\/pages\/124\/revisions"}],"predecessor-version":[{"id":1836,"href":"https:\/\/www.cmafete.ch\/index.php?rest_route=\/wp\/v2\/pages\/124\/revisions\/1836"}],"wp:attachment":[{"href":"https:\/\/www.cmafete.ch\/index.php?rest_route=%2Fwp%2Fv2%2Fmedia&parent=124"}],"curies":[{"name":"wp","href":"https:\/\/api.w.org\/{rel}","templated":true}]}}